{"id":26369,"date":"2020-04-16T20:20:56","date_gmt":"2020-04-16T19:20:56","guid":{"rendered":"https:\/\/www.forumdanca.pt\/amhd\/"},"modified":"2026-01-14T17:11:02","modified_gmt":"2026-01-14T17:11:02","slug":"amhd","status":"publish","type":"page","link":"https:\/\/www.forumdanca.pt\/en\/documentation\/amhd\/","title":{"rendered":"My Dance <br>History"},"content":{"rendered":"<div class=\"wpb-content-wrapper\"><p>[vc_row row_type=&#8221;row&#8221; use_row_as_full_screen_section=&#8221;no&#8221; type=&#8221;full_width&#8221; text_align=&#8221;left&#8221; background_animation=&#8221;none&#8221; css_animation=&#8221;&#8221;][vc_column][vc_column_text]The Cycle of Talks &#8220;My Dance History&#8221; is a project created in 2011, by <strong>O Rumo do Fumo<\/strong> and <strong>Forum Dan\u00e7a<\/strong>, where personalities connected to contemporary dance are invited to publicly share their History of Dance.[\/vc_column_text][vc_empty_space height=&#8221;20px&#8221;][vc_column_text css=&#8221;.vc_custom_1646008701092{padding-top: 0px !important;padding-right: 50px !important;padding-bottom: 0px !important;padding-left: 50px !important;}&#8221;]<\/p>\n<blockquote><p>&#8220;All of us, dancers, choreographers or performers, have received in some way and by some route, more academic or more self-taught, an idea of the History of Dance, or the History of the Performing Arts, from which we feel &#8220;descended&#8221; (and perhaps we feel descended from several Histories at the same time!). There were certainly choreographic or scenic creators who made us understand the art we make the way we understand it today. Each one has a specific idea of how that History unfolded, and for each one there are certain creators and certain movements and artistic currents that contributed to configure the idea of dance that you have and practice and that, in some way, is responding to that History. These lectures will give us the opportunity to know the History of Dance that each one has created within themselves.&#8221;<\/p>\n<p><strong>Vera Mantero<\/strong><\/p><\/blockquote>\n<p>[\/vc_column_text][vc_empty_space height=&#8221;20px&#8221;][vc_column_text]Website\u00a0<em>My Dance History<\/em>, available at\u00a0<strong><a href=\"https:\/\/aminhahistoriadadanca.com\" target=\"_blank\" rel=\"noopener\">aminhahistoriadadanca.com<\/a><\/strong>[\/vc_column_text][vc_empty_space height=&#8221;80px&#8221;][\/vc_column][\/vc_row][vc_row row_type=&#8221;row&#8221; use_row_as_full_screen_section=&#8221;no&#8221; type=&#8221;full_width&#8221; text_align=&#8221;left&#8221; background_animation=&#8221;none&#8221; css_animation=&#8221;&#8221;][vc_column][vc_column_text css=&#8221;&#8221;]<\/p>\n<h4>Information<\/h4>\n<p>[\/vc_column_text][vc_empty_space height=&#8221;20px&#8221;][vc_column_text]The project, initially implemented in Lisbon, was also presented in Viseu, Funchal and Barcelona, in partnership with: Teatro Viriato, Dan\u00e7ando com a Diferen\u00e7a and La Poderosa. The cycle has been hosted by: Edif\u00edcio (LX Factory), Espa\u00e7o da Penha, Rede de Bibliotecas de Lisboa e Est\u00fadios Victor C\u00f3rdon\/OPART.[\/vc_column_text][vc_empty_space height=&#8221;20px&#8221;][vc_accordion active_tab=&#8221;false&#8221; collapsible=&#8221;yes&#8221; style=&#8221;boxed_accordion&#8221;][vc_accordion_tab title=&#8221;Participants&#8221; title_color=&#8221;#000000&#8243; background_color=&#8221;#eeeeee&#8221;][vc_column_text css=&#8221;.vc_custom_1759403543828{padding-left: 25px !important;}&#8221;]Ana Borralho &amp; Jo\u00e3o Galante, Andr\u00e9 Lepecki, Ant\u00f3nio Pinto Ribeiro, Christine de Smedt, Clara Andermatt, Cl\u00e1udia Dias, Cristina Planas Leit\u00e3o, Eszter Salamon, Francisco Camacho, Gil Mendo, Gustavo Cir\u00edaco, Jennifer Lacey, Jeroen Peeters, Jo\u00e3o Fiadeiro, Jocl\u00e9cio Azevedo, Jonathan Burrows, La Ribot, Lia Rodrigues, Ligia Lewis, Lisa Nelson, Lo\u00efc Touz\u00e9, Madalena Victorino, Marcela Levi, Marcelo Evelin, Margarida Bettencourt, Mark Tompkins, Meg Stuart, Mette Edvardsen, Miguel Pereira, Nadia Lauro, Olga Roriz, Panaibra Gabriel Canda, Rui Horta, Sofia Dias &amp; Vitor Roriz, Sofia Neuparth, S\u00f3nia Baptista, Susan Klein, V\u00e2nia Rovisco, Vera Mantero, Xavier Le Roy, Jo\u00e3o dos Santos Martins, Victor Hugo Pontes, Lu\u00eds Guerra[\/vc_column_text][vc_empty_space height=&#8221;40px&#8221;][\/vc_accordion_tab][vc_accordion_tab title=&#8221;Upcoming talks&#8221; title_color=&#8221;#000000&#8243; background_color=&#8221;#eeeeee&#8221;][vc_column_text css=&#8221;.vc_custom_1768410642713{padding-left: 25px !important;}&#8221;]To be announced[\/vc_column_text][vc_empty_space height=&#8221;40px&#8221;][\/vc_accordion_tab][vc_accordion_tab title=&#8221;Complete chronology&#8221; title_color=&#8221;#000000&#8243; background_color=&#8221;#eeeeee&#8221;][vc_column_text css=&#8221;.vc_custom_1759400315138{padding-left: 25px !important;}&#8221;]<a href=\"https:\/\/estudiosvictorcordon.pt\/artists\/luis-guerra\">Lu\u00eds Guerra<\/a> \u2013 23 October 2025, at 18h30, Biblioteca Cam\u00f5es, Lisboa<br \/>\n<a href=\"https:\/\/www.nomeproprio.pt\/\">Victor Hugo Pontes<\/a> \u2013 6 June 2025, at 18h30, Biblioteca Pal\u00e1cio Galveias, Lisboa<br \/>\n<a href=\"https:\/\/parasita.eu\/joao-dos-santos-martins\/\" target=\"_blank\" rel=\"noopener\">Jo\u00e3o dos Santos Martins<\/a> \u2013 20 March 2025, at 18h30, Espa\u00e7o da Penha, Lisboa<br \/>\n<a href=\"https:\/\/en.wikipedia.org\/wiki\/Jonathan_Burrows_(choreographer)\" target=\"_blank\" rel=\"noopener\">Jonathan Burrows<\/a> &#8211; 11 April 2024 at 18h30, Biblioteca Cam\u00f5es, Lisboa\/Portugal<br \/>\n<a href=\"http:\/\/www.idamarktompkins.com\/?q=en\/marktompkins\" target=\"_blank\" rel=\"noopener\">Mark Tompkins<\/a> &#8211; 28 March 2024 at 18h30, Espa\u00e7o da Penha, Lisboa\/Portugal<br \/>\n<a href=\"http:\/\/bacteria.ac\" target=\"_blank\" rel=\"noopener\">Cristina Planas Leit\u00e3o<\/a> &#8211; 18 January 2024 at 18h30, Biblioteca Cam\u00f5es, Lisboa\/Portugal<br \/>\n<a href=\"https:\/\/theplacetopause.com\/percurso-de-um-corpo\/\" target=\"_blank\" rel=\"noopener\">Margarida Bettencourt<\/a> &#8211; 2 November 2023, at 18h30, Biblioteca Cam\u00f5es, Lisboa\/Portugal<br \/>\n<a href=\"https:\/\/c-e-m.org\/equipa\/sofia-neuparth\/\" target=\"_blank\" rel=\"noopener\">Sofia Neuparth<\/a> \u2013 12 October 2023 at 18h30, Biblioteca Cam\u00f5es, Lisboa\/Portugal<br \/>\n<a href=\"https:\/\/ligialewis.com\" target=\"_blank\" rel=\"noopener\">Ligia Lewis<\/a> &#8211; 27 April 2023, at 18h30, Biblioteca Pal\u00e1cio Galveias, Lisboa\/Portugal<br \/>\n<a href=\"http:\/\/www.kleintechnique.com\/\" target=\"_blank\" rel=\"noopener\">Susan Klein<\/a> &#8211; 29 September, 2022 at 18h30, Est\u00fadios Victor C\u00f3rdon, Lisboa\/Portugal<br \/>\n<a href=\"https:\/\/oespacodotempo.pt\/artistas-associados\/rui-horta\/\" target=\"_blank\" rel=\"noopener\">Rui Horta<\/a> \u2013 23 June 2022, at 18h30, Biblioteca Pal\u00e1cio Galveias, Lisboa\/Portugal<br \/>\n<a href=\"http:\/\/www.metteedvardsen.be\" target=\"_blank\" rel=\"noopener\">Mette Edvarsen<\/a> \u2013 19 June 2022, at 18h30, Biblioteca Pal\u00e1cio Galveias, Lisboa\/Portugal<br \/>\n<a href=\"https:\/\/www.demolitionincorporada.com\" target=\"_blank\" rel=\"noopener\">Marcelo Evelin<\/a> &#8211; 20 February 2022, at 16h00, Espa\u00e7o da Penha, Lisboa\/Portugal<br \/>\n<a href=\"https:\/\/esztersalamon.net\" target=\"_blank\" rel=\"noopener\">Eszter Salamon <\/a>&#8211; 13 November 2021, at 12h30 (GMT +1), Presencial no ciclo Hacer Historia(s) vol 4. Ciclo de Danza Contempor\u00e1nea y Performance\/La Poderosa, MACBA &#8211; Museo de Arte Contempor\u00e1neo de Barcelona, Barcelona\/Espanha | Online no Youtube do MACBA<br \/>\n<a href=\"https:\/\/joaofiadeiro.pt\" target=\"_blank\" rel=\"noopener\">Jo\u00e3o Fiadeiro<\/a> &#8211; 4 November 2021, at 18h30, Est\u00fadios Victor C\u00f3rdon, Lisboa\/Portugal<strong><br \/>\n<\/strong><strong>Lisa Nelson<\/strong> &#8211; 27 October 2021, at 18h30, Biblioteca Pal\u00e1cio Galveias, Lisboa\/Portugal<strong><br \/>\n<\/strong><strong>Cl\u00e1udia Dias<\/strong> &#8211; 20 October 2021, at 18h30, Biblioteca Pal\u00e1cio Galveias, Lisboa\/Portugal<br \/>\n<strong>Ant\u00f3nio Pinto Ribeiro<\/strong> &#8211; 15 July 2021, at 18h30,\u00a0Biblioteca de Alc\u00e2ntara, Lisboa\/Portugal<br \/>\n<strong>S\u00f3nia Baptista<\/strong> &#8211; 12 May 2021, at 19h30, presencial no Teatro Viriato e on-line nas p\u00e1ginas do FITEI, Viseu\/Portugal<br \/>\n<a href=\"https:\/\/planbhamburg.com\/artist\/panaibra-gabriel-canda\/\" target=\"_blank\" rel=\"noopener\">Panaibra Gabriel Canda<\/a> &#8211;\u00a026 November 2020, at 18h (GMT +0), v\u00eddeo-confer\u00eancia em directo\u00a0na app Zoom<br \/>\n<a href=\"http:\/\/marcelalevi.com\/\" target=\"_blank\" rel=\"noopener\">Marcela Levi<\/a> &#8211;\u00a012 November 2020, at 18h30 (GMT +0), v\u00eddeo-confer\u00eancia em directo\u00a0na app Zoom<br \/>\n<strong>Christine de Smedt<\/strong> &#8211; 20 April 2020, at 18h30 (GMT +0), v\u00eddeo-confer\u00eancia em directo\u00a0na app Zoom<br \/>\n<a href=\"http:\/\/www.xavierleroy.com\/\" target=\"_blank\" rel=\"noopener noreferrer\">Xavier Le Roy<\/a>\u00a0&#8211; 5 March 2020, at 18h30, Biblioteca Cam\u00f5es, Lisboa\/Portugal<br \/>\n<a href=\"https:\/\/www.orumodofumo.com\/\" target=\"_blank\" rel=\"noopener noreferrer\">Miguel Pereira<\/a>\u00a0&#8211; 12 December 2019, at 18h30, Programa O Rumo do Fumo &#8211; 20 Anos, Biblioteca Cam\u00f5es, Lisboa\/Portugal<br \/>\n<a href=\"https:\/\/www.orumodofumo.com\/\" target=\"_blank\" rel=\"noopener noreferrer\">Vera Mantero<\/a>\u00a0&#8211; 5 December 2019, at 18h30, Programa O Rumo do Fumo &#8211; 20 Anos, Biblioteca Cam\u00f5es, Lisboa\/Portugal<br \/>\n<a href=\"https:\/\/www.olgaroriz.com\/\" target=\"_blank\" rel=\"noopener noreferrer\">Olga Roriz<\/a> &#8211; 21 November 2019, at 18h30, Biblioteca Cam\u00f5es, Lisboa\/Portugal<br \/>\n<strong>S\u00f3nia Baptista<\/strong> &#8211; 14 November 2019, at 18h30, Biblioteca Cam\u00f5es, Lisboa\/Portugal<br \/>\n<a href=\"https:\/\/vaniarovisco.wordpress.com\/\" target=\"_blank\" rel=\"noopener noreferrer\">V\u00e2nia Rovisco<\/a> &#8211; 12 October 2019, at 11h,\u00a0Dan\u00e7ando com a Diferen\u00e7a, Funchal, Ilha da Madeira\/Portugal<br \/>\n<a href=\"http:\/\/www.damagedgoods.be\/\" target=\"_blank\" rel=\"noopener noreferrer\">Meg Stuart<\/a> &#8211; 18 July 2019, at 18h30, Espa\u00e7o da Penha, Lisboa\/Portugal<br \/>\n<a href=\"http:\/\/www.re-al.org\/\" target=\"_blank\" rel=\"noopener noreferrer\">Jo\u00e3o Fiadeiro<\/a> &#8211; 27 April 2019, at 11h, INFOART &#8211; Galeria da Secretaria Regional do Turismo e Transportes, Funchal, Ilha da Madeira\/Portugal<br \/>\n<a href=\"https:\/\/www.orumodofumo.com\/\" target=\"_blank\" rel=\"noopener noreferrer\">Vera Mantero<\/a> &#8211; 20 March 2019, at 18h,\u00a0Gin\u00e1sio de S\u00e3o Martinho (Dan\u00e7ando com a Diferen\u00e7a), Funchal, Ilha da Madeira\/Portugal<br \/>\n<a href=\"http:\/\/www.laribot.com\/home\" target=\"_blank\" rel=\"noopener noreferrer\">La Ribot<\/a> &#8211; 18 February 2019, \u00e0s 18h,\u00a0Dan\u00e7ando com a Diferen\u00e7a, Funchal, Ilha da Madeira\/Portugal<br \/>\n<a href=\"https:\/\/nadialauro.com\/\" target=\"_blank\" rel=\"noopener noreferrer\">Nadia Lauro<\/a> &#8211; 6 December 2018, at 18h30, Biblioteca Cam\u00f5es, Lisboa\/Portugal<br \/>\n<a href=\"https:\/\/nenhum.org\/\" target=\"_blank\" rel=\"noopener noreferrer\">Jocl\u00e9cio Azevedo<\/a> &#8211; 22 November 2018, at 18h30, Biblioteca Cam\u00f5es, Lisboa\/Portugal<br \/>\n<a href=\"https:\/\/vaniarovisco.wordpress.com\/\" target=\"_blank\" rel=\"noopener noreferrer\">V\u00e2nia Rovisco<\/a> &#8211; 15 November 2018, at 18h30, Biblioteca Cam\u00f5es, Lisboa\/Portugal<br \/>\n<a href=\"https:\/\/www.orumodofumo.com\/\" target=\"_blank\" rel=\"noopener noreferrer\">Miguel Pereira<\/a> &#8211;\u00a018 January 2018, at 18h30, Espa\u00e7o da Penha, Lisboa\/Portugal<br \/>\n<a href=\"http:\/\/www.casabranca-ac.com\/\" target=\"_blank\" rel=\"noopener noreferrer\">Ana Borralho &amp; Jo\u00e3o Galante<\/a> &#8211; 7 December 2017, at 18h30, Espa\u00e7o da Penha, Lisboa\/Portugal<br \/>\n<strong>Gil Mendo<\/strong> &#8211; 30 November 2017, at 18h30, Espa\u00e7o da Penha, Lisboa\/Portugal<br \/>\n<a href=\"http:\/\/www.oespacodotempo.pt\/pt\" target=\"_blank\" rel=\"noopener noreferrer\">Rui Horta<\/a> &#8211; 13 July 2017, at 18h30, Biblioteca Cam\u00f5es, Lisboa\/Portugal<br \/>\n<a href=\"http:\/\/www.clara-andermatt.com\/index.php\/pt\/\" target=\"_blank\" rel=\"noopener noreferrer\">Clara Andermatt<\/a> &#8211; 24 November 2016, at 21h30, Mostra de dan\u00e7a New Age New Time, Teatro Viriato, Viseu\/Portugal<br \/>\n<a href=\"http:\/\/sofiadiasvitorroriz.blogspot.pt\/\" target=\"_blank\" rel=\"noopener noreferrer\">Sofia Dias &amp; V\u00edtor Roriz<\/a> &#8211; 7 July 2016, at 18h30, Biblioteca Cam\u00f5es, Lisboa\/Portugal<br \/>\n<a href=\"http:\/\/www.clara-andermatt.com\/index.php\/pt\/\" target=\"_blank\" rel=\"noopener noreferrer\">Clara Andermatt<\/a> &#8211; 2 June 2016, at 18h30,\u00a0Biblioteca Cam\u00f5es, Lisboa\/Portugal<br \/>\n<a href=\"http:\/\/www.laribot.com\/home\" target=\"_blank\" rel=\"noopener noreferrer\">La Ribot<\/a> &#8211; 7 April 2016 at 18h30, Espa\u00e7o da Penha, Lisboa\/Portugal<br \/>\n<a href=\"https:\/\/www.orumodofumo.com\/pt\/acontecimentos\/Jeroen%20Peeters\" target=\"_blank\" rel=\"noopener noreferrer\">Jeroen Peeters<\/a> &#8211; 23 February 2015, at 18h30,\u00a0Espa\u00e7o da Penha, Lisboa\/Portugal<br \/>\n<strong>Madalena Victorino<\/strong> &#8211; 20 November 2014, at 18h30, Espa\u00e7o da Penha, Lisboa\/Portugal<br \/>\n<strong>Jennifer Lacey<\/strong> &#8211; 3 April 2014, at 18h30, Espa\u00e7o da Penha, Lisboa\/Portugal<br \/>\n<a href=\"http:\/\/www.eira.pt\/?lg=1&amp;id=9&amp;artid=3\" target=\"_blank\" rel=\"noopener noreferrer\">Francisco Camacho<\/a>\u00a0&#8211;\u00a023 November 2013, at 18h30, Edif\u00edcio, Lx Factory, Lisboa\/Portugal<br \/>\n<a href=\"http:\/\/www.liarodrigues.com\/\" target=\"_blank\" rel=\"noopener noreferrer\">Lia Rodrigues<\/a> &#8211; 22 March 2012, at 17h, Edif\u00edcio, Lx Factory, Lisboa\/Portugal<br \/>\n<a href=\"http:\/\/sarma.be\/pages\/Andr%25C3%25A9_Lepecki\" target=\"_blank\" rel=\"noopener noreferrer\">Andr\u00e9 Lepecki<\/a> &#8211;\u00a015 March 2012, at 18h30, Edif\u00edcio, Lx Factory, Lisboa\/Portugal<br \/>\n<strong>Lisa Nelson<\/strong> &#8211; 19 January 2012, at 18h30, Edif\u00edcio, Lx Factory, Lisboa\/Portugal<br \/>\n<a href=\"http:\/\/www.loictouze.com\/\" target=\"_blank\" rel=\"noopener noreferrer\">Lo\u00efc Touz\u00e9<\/a> &#8211; 10 November 2011, at 18h30, Edif\u00edcio, Lx Factory, Lisboa\/Portugal<br \/>\n<a href=\"https:\/\/www.orumodofumo.com\/pt\/acontecimentos\/pt\/artistas\/vera-mantero_2\" target=\"_blank\" rel=\"noopener noreferrer\">Vera Mantero<\/a> &#8211; 6 October 2011, at 18h30, Edif\u00edcio, Lx Factory, Lisboa\/Portugal<br \/>\n<a href=\"http:\/\/www.idamarktompkins.com\/?q=en\" target=\"_blank\" rel=\"noopener noreferrer\">Mark Tompkins<\/a> &#8211; 9 July 2011, at 18h30, Edif\u00edcio, Lx Factory, Lisboa\/Portugal<br \/>\n<a href=\"http:\/\/www.re-al.org\/\" target=\"_blank\" rel=\"noopener noreferrer\">Jo\u00e3o Fiadeiro<\/a> &#8211; 12 May 2011, at 18h30, Edif\u00edcio, Lx Factory, Lisboa\/Portugal<br \/>\n<a href=\"http:\/\/gustavociria.co\/pt\/\" target=\"_blank\" rel=\"noopener noreferrer\">Gustavo Cir\u00edaco<\/a> &#8211; 21 February 2011, at 18h30, Edif\u00edcio, Lx Factory, Lisboa\/Portugal[\/vc_column_text][\/vc_accordion_tab][vc_accordion_tab title=&#8221;Funding and Support&#8221; title_color=&#8221;#000000&#8243; background_color=&#8221;#eeeeee&#8221;][vc_column_text css=&#8221;.vc_custom_1741745110909{padding-left: 25px !important;}&#8221;]The cycle of lectures \u201cMy Dance History\u201d is a project developed by Forum Dan\u00e7a and O Rumo do Fumo, structures financed by the Portuguese Republic \u2013 Culture \/ Direc\u00e7\u00e3o-Geral das Artes.<\/p>\n<p>Project supported by the program contract with the Lisbon City Council \/ Municipal Directorate for Culture \/ Division of the Libraries Network.<\/p>\n<p>It was co-financed by the Garantir Cultura programme, Compete 2020, Portugal 2020 and the European Union through the European Regional Development Fund &#8211; ERDF.[\/vc_column_text][vc_empty_space height=&#8221;40px&#8221;][\/vc_accordion_tab][\/vc_accordion][vc_empty_space height=&#8221;80px&#8221;][\/vc_column][\/vc_row][vc_row row_type=&#8221;row&#8221; use_row_as_full_screen_section=&#8221;no&#8221; type=&#8221;full_width&#8221; text_align=&#8221;left&#8221; background_animation=&#8221;none&#8221; css_animation=&#8221;&#8221;][vc_column][vc_column_text css=&#8221;&#8221;]<\/p>\n<h4>Talks<\/h4>\n<p>[\/vc_column_text][vc_empty_space height=&#8221;20px&#8221;][vc_basic_grid post_type=&#8221;post&#8221; max_items=&#8221;-1&#8243; style=&#8221;lazy&#8221; items_per_page=&#8221;12&#8243; element_width=&#8221;2&#8243; item=&#8221;22505&#8243; grid_id=&#8221;vc_gid:1768410547267-8c491683-410d-5&#8243; taxonomies=&#8221;183, 233&#8243;][vc_empty_space height=&#8221;80px&#8221;][\/vc_column][\/vc_row]<\/p>\n<\/div>","protected":false},"excerpt":{"rendered":"<p>[vc_row row_type=&#8221;row&#8221; use_row_as_full_screen_section=&#8221;no&#8221; type=&#8221;full_width&#8221; text_align=&#8221;left&#8221;&#8230;<\/p>\n","protected":false},"author":15,"featured_media":0,"parent":29372,"menu_order":0,"comment_status":"closed","ping_status":"closed","template":"","meta":{"footnotes":""},"class_list":["post-26369","page","type-page","status-publish","hentry"],"_links":{"self":[{"href":"https:\/\/www.forumdanca.pt\/en\/wp-json\/wp\/v2\/pages\/26369","targetHints":{"allow":["GET"]}}],"collection":[{"href":"https:\/\/www.forumdanca.pt\/en\/wp-json\/wp\/v2\/pages"}],"about":[{"href":"https:\/\/www.forumdanca.pt\/en\/wp-json\/wp\/v2\/types\/page"}],"author":[{"embeddable":true,"href":"https:\/\/www.forumdanca.pt\/en\/wp-json\/wp\/v2\/users\/15"}],"replies":[{"embeddable":true,"href":"https:\/\/www.forumdanca.pt\/en\/wp-json\/wp\/v2\/comments?post=26369"}],"version-history":[{"count":0,"href":"https:\/\/www.forumdanca.pt\/en\/wp-json\/wp\/v2\/pages\/26369\/revisions"}],"up":[{"embeddable":true,"href":"https:\/\/www.forumdanca.pt\/en\/wp-json\/wp\/v2\/pages\/29372"}],"wp:attachment":[{"href":"https:\/\/www.forumdanca.pt\/en\/wp-json\/wp\/v2\/media?parent=26369"}],"curies":[{"name":"wp","href":"https:\/\/api.w.org\/{rel}","templated":true}]}}